{"id":324,"date":"2025-08-04T07:08:26","date_gmt":"2025-08-04T07:08:26","guid":{"rendered":"https:\/\/www.100mc.cz\/?page_id=324"},"modified":"2025-08-04T07:13:51","modified_gmt":"2025-08-04T07:13:51","slug":"koncert","status":"publish","type":"page","link":"https:\/\/www.100mc.cz\/index.php\/koncert\/","title":{"rendered":"Koncert"},"content":{"rendered":"\n<h2 class=\"wp-block-heading\" style=\"padding-bottom:var(--wp--preset--spacing--40)\"><strong>KONCERT<\/strong><\/h2>\n\n\n\n<p><\/p>\n\n\n\n<p style=\"padding-top:var(--wp--preset--spacing--20);padding-bottom:var(--wp--preset--spacing--20)\">Pojmenov\u00e1n\u00ed zahradn\u00ed \u010dtvrti jako celku je historiky datovan\u00e9 k 17.6.1925. Oslavy vyvrcholily<br>v&nbsp;ned\u011bli p\u0159edch\u00e1zej\u00edc\u00ed stolet\u00e9mu v\u00fdro\u010d\u00ed ud\u00e1losti.<br>Slavnostn\u00ed odpoledne zah\u00e1jil koncert souboru Sv\u00edt\u00e1n\u00ed spole\u010dn\u011b s m\u00edstn\u00edmi chr\u00e1mov\u00fdmi sbory<br>farnosti sv. Augustina. Stovky poslucha\u010d\u016f zaplnili p\u0159ipraven\u00e9 hledi\u0161t\u011b.<br>Koncertu i n\u00e1sleduj\u00edc\u00edho Sousedsk\u00e9ho setk\u00e1n\u00ed se z\u00fa\u010dastnili v\u00fdznamn\u00ed host\u00e9, v\u010detn\u011b<br>m\u00edstop\u0159edsedkyn\u011b Sen\u00e1tu P\u010cR Jitky Seitlov\u00e9 a n\u00e1m\u011bstka prim\u00e1torky m\u011bsta Brna Filipa Chv\u00e1tala.<\/p>\n\n\n\n<figure class=\"wp-block-image size-large\" style=\"margin-bottom:var(--wp--preset--spacing--40)\"><img loading=\"lazy\" decoding=\"async\" width=\"1024\" height=\"684\" src=\"https:\/\/www.100mc.cz\/wp-content\/uploads\/2025\/07\/12-1024x684.jpg\" alt=\"\" class=\"wp-image-297\" srcset=\"https:\/\/www.100mc.cz\/wp-content\/uploads\/2025\/07\/12-1024x684.jpg 1024w, https:\/\/www.100mc.cz\/wp-content\/uploads\/2025\/07\/12-300x200.jpg 300w, https:\/\/www.100mc.cz\/wp-content\/uploads\/2025\/07\/12-768x513.jpg 768w, https:\/\/www.100mc.cz\/wp-content\/uploads\/2025\/07\/12-1536x1026.jpg 1536w, https:\/\/www.100mc.cz\/wp-content\/uploads\/2025\/07\/12-2048x1368.jpg 2048w\" sizes=\"auto, (max-width: 1024px) 100vw, 1024px\" \/><\/figure>\n\n\n\n<p style=\"padding-top:var(--wp--preset--spacing--20);padding-bottom:var(--wp--preset--spacing--20)\">Soubor Sv\u00edt\u00e1n\u00ed v&nbsp;\u010dele se skladatelem a kapeln\u00edkem Ji\u0159\u00edm Fadrn\u00fdm Damianem a zp\u011bva\u010dkou Kl\u00e1rou<br>Ryb\u00e1kovou nadchnul sv\u00fdm origin\u00e1ln\u00edm projevem i vlastn\u00ed tvorbou. V&nbsp;prvn\u00ed \u010d\u00e1sti koncertu vystoupili<br>samostatn\u011b.<\/p>\n\n\n\n<figure class=\"wp-block-image size-large\" style=\"margin-bottom:var(--wp--preset--spacing--40)\"><img loading=\"lazy\" decoding=\"async\" width=\"1024\" height=\"683\" src=\"https:\/\/www.100mc.cz\/wp-content\/uploads\/2025\/07\/22-1024x683.jpg\" alt=\"\" class=\"wp-image-296\" srcset=\"https:\/\/www.100mc.cz\/wp-content\/uploads\/2025\/07\/22-1024x683.jpg 1024w, https:\/\/www.100mc.cz\/wp-content\/uploads\/2025\/07\/22-300x200.jpg 300w, https:\/\/www.100mc.cz\/wp-content\/uploads\/2025\/07\/22-768x512.jpg 768w, https:\/\/www.100mc.cz\/wp-content\/uploads\/2025\/07\/22-1536x1024.jpg 1536w, https:\/\/www.100mc.cz\/wp-content\/uploads\/2025\/07\/22-2048x1365.jpg 2048w\" sizes=\"auto, (max-width: 1024px) 100vw, 1024px\" \/><\/figure>\n\n\n\n<p style=\"padding-top:var(--wp--preset--spacing--20);padding-bottom:var(--wp--preset--spacing--20)\">Soubor navazuje na starobrn\u011bnsk\u00e9 hudebn\u00ed tradice p\u0159i starobrn\u011bnsk\u00e9m kl\u00e1\u0161te\u0159e a<br>augustini\u00e1nsk\u00e9m opatstv\u00ed. Vynik\u00e1 tak\u00e9 vok\u00e1ln\u00edm projevem. Kr\u00e1su v\u00edcehlasu podporuj\u00ed t\u00f3ny harfy<br>pod prsty Pavly Kopeck\u00e9.<\/p>\n\n\n\n<figure class=\"wp-block-image size-large\" style=\"margin-bottom:var(--wp--preset--spacing--40)\"><img loading=\"lazy\" decoding=\"async\" width=\"1024\" height=\"683\" src=\"https:\/\/www.100mc.cz\/wp-content\/uploads\/2025\/07\/32-1024x683.jpg\" alt=\"\" class=\"wp-image-303\" srcset=\"https:\/\/www.100mc.cz\/wp-content\/uploads\/2025\/07\/32-1024x683.jpg 1024w, https:\/\/www.100mc.cz\/wp-content\/uploads\/2025\/07\/32-300x200.jpg 300w, https:\/\/www.100mc.cz\/wp-content\/uploads\/2025\/07\/32-768x512.jpg 768w, https:\/\/www.100mc.cz\/wp-content\/uploads\/2025\/07\/32-1536x1024.jpg 1536w, https:\/\/www.100mc.cz\/wp-content\/uploads\/2025\/07\/32-2048x1365.jpg 2048w\" sizes=\"auto, (max-width: 1024px) 100vw, 1024px\" \/><\/figure>\n\n\n\n<p style=\"padding-top:var(--wp--preset--spacing--20);padding-bottom:var(--wp--preset--spacing--20)\">Druhou \u010d\u00e1st koncertu zah\u00e1jil p\u011bveck\u00fd sbor farnosti pod veden\u00edm profesora Pavla Kyncla, pos\u00edlen\u00fd<br>d\u011btsk\u00fdm sborem veden\u00fdm Mari\u00ed Vichrovou. Samostatn\u011b uvedli skladbu Gordona Younga \u201eAleluja\u201c.<\/p>\n\n\n\n<figure class=\"wp-block-image size-large\" style=\"margin-bottom:var(--wp--preset--spacing--40)\"><img loading=\"lazy\" decoding=\"async\" width=\"1024\" height=\"683\" src=\"https:\/\/www.100mc.cz\/wp-content\/uploads\/2025\/07\/42-1024x683.jpg\" alt=\"\" class=\"wp-image-304\" srcset=\"https:\/\/www.100mc.cz\/wp-content\/uploads\/2025\/07\/42-1024x683.jpg 1024w, https:\/\/www.100mc.cz\/wp-content\/uploads\/2025\/07\/42-300x200.jpg 300w, https:\/\/www.100mc.cz\/wp-content\/uploads\/2025\/07\/42-768x512.jpg 768w, https:\/\/www.100mc.cz\/wp-content\/uploads\/2025\/07\/42-1536x1024.jpg 1536w, https:\/\/www.100mc.cz\/wp-content\/uploads\/2025\/07\/42-2048x1365.jpg 2048w\" sizes=\"auto, (max-width: 1024px) 100vw, 1024px\" \/><\/figure>\n\n\n\n<p style=\"padding-top:var(--wp--preset--spacing--20);padding-bottom:var(--wp--preset--spacing--20)\">\u0160k\u00e1lu pestrosti tvorby i projevu souboru Sv\u00edt\u00e1n\u00ed podtrhuj\u00ed spolupr\u00e1ce s dal\u0161\u00edmi t\u011blesy. P\u011bveck\u00e9<br>sbory farnosti sv. Augustina pro tuto slavnostn\u00ed p\u0159\u00edle\u017eitost nacvi\u010dily n\u011bkolik autorsk\u00fdch skladeb<br>Sv\u00edt\u00e1n\u00ed. Notov\u00fd materi\u00e1l pro sbory zkomponoval Ji\u0159\u00ed Fadrn\u00fd Damian, skladatel a kapeln\u00edk Sv\u00edt\u00e1n\u00ed.<\/p>\n\n\n\n<figure class=\"wp-block-image size-large\" style=\"margin-bottom:var(--wp--preset--spacing--40)\"><img loading=\"lazy\" decoding=\"async\" width=\"1024\" height=\"683\" src=\"https:\/\/www.100mc.cz\/wp-content\/uploads\/2025\/07\/52-1024x683.jpg\" alt=\"\" class=\"wp-image-302\" srcset=\"https:\/\/www.100mc.cz\/wp-content\/uploads\/2025\/07\/52-1024x683.jpg 1024w, https:\/\/www.100mc.cz\/wp-content\/uploads\/2025\/07\/52-300x200.jpg 300w, https:\/\/www.100mc.cz\/wp-content\/uploads\/2025\/07\/52-768x512.jpg 768w, https:\/\/www.100mc.cz\/wp-content\/uploads\/2025\/07\/52-1536x1024.jpg 1536w, https:\/\/www.100mc.cz\/wp-content\/uploads\/2025\/07\/52-2048x1365.jpg 2048w\" sizes=\"auto, (max-width: 1024px) 100vw, 1024px\" \/><\/figure>\n\n\n\n<p style=\"padding-top:var(--wp--preset--spacing--20);padding-bottom:var(--wp--preset--spacing--20)\">Ji\u0159\u00ed Fadrn\u00fd Damian komponuje, diriguje, zp\u00edv\u00e1. Um\u00ed rozezn\u00edt i kytarov\u00e9 s\u00f3lo.<\/p>\n\n\n\n<figure class=\"wp-block-image size-large\" style=\"margin-bottom:var(--wp--preset--spacing--40)\"><img loading=\"lazy\" decoding=\"async\" width=\"1024\" height=\"683\" src=\"https:\/\/www.100mc.cz\/wp-content\/uploads\/2025\/07\/62-1024x683.jpg\" alt=\"\" class=\"wp-image-301\" srcset=\"https:\/\/www.100mc.cz\/wp-content\/uploads\/2025\/07\/62-1024x683.jpg 1024w, https:\/\/www.100mc.cz\/wp-content\/uploads\/2025\/07\/62-300x200.jpg 300w, https:\/\/www.100mc.cz\/wp-content\/uploads\/2025\/07\/62-768x512.jpg 768w, https:\/\/www.100mc.cz\/wp-content\/uploads\/2025\/07\/62-1536x1024.jpg 1536w, https:\/\/www.100mc.cz\/wp-content\/uploads\/2025\/07\/62-2048x1365.jpg 2048w\" sizes=\"auto, (max-width: 1024px) 100vw, 1024px\" \/><\/figure>\n\n\n\n<p style=\"padding-top:var(--wp--preset--spacing--20);padding-bottom:var(--wp--preset--spacing--20)\">Pod\u011bkov\u00e1n\u00ed \u00fa\u010dinkuj\u00edc\u00edm.<\/p>\n\n\n\n<figure class=\"wp-block-image size-large\" style=\"margin-bottom:var(--wp--preset--spacing--40)\"><img loading=\"lazy\" decoding=\"async\" width=\"1024\" height=\"683\" src=\"https:\/\/www.100mc.cz\/wp-content\/uploads\/2025\/07\/72-1024x683.jpg\" alt=\"\" class=\"wp-image-300\" srcset=\"https:\/\/www.100mc.cz\/wp-content\/uploads\/2025\/07\/72-1024x683.jpg 1024w, https:\/\/www.100mc.cz\/wp-content\/uploads\/2025\/07\/72-300x200.jpg 300w, https:\/\/www.100mc.cz\/wp-content\/uploads\/2025\/07\/72-768x512.jpg 768w, https:\/\/www.100mc.cz\/wp-content\/uploads\/2025\/07\/72-1536x1024.jpg 1536w, https:\/\/www.100mc.cz\/wp-content\/uploads\/2025\/07\/72-2048x1365.jpg 2048w\" sizes=\"auto, (max-width: 1024px) 100vw, 1024px\" \/><\/figure>\n\n\n\n<p style=\"padding-top:var(--wp--preset--spacing--20);padding-bottom:var(--wp--preset--spacing--20)\">S\u00f3listka souboru Sv\u00edt\u00e1n\u00ed Kl\u00e1ra Ryb\u00e1kov\u00e1 a profesor Pavel Kyncl sbormistr farnosti sv. Augustina.<\/p>\n\n\n\n<figure class=\"wp-block-image size-large\" style=\"margin-bottom:var(--wp--preset--spacing--40)\"><img loading=\"lazy\" decoding=\"async\" width=\"683\" height=\"1024\" src=\"https:\/\/www.100mc.cz\/wp-content\/uploads\/2025\/07\/82-683x1024.jpg\" alt=\"\" class=\"wp-image-299\" srcset=\"https:\/\/www.100mc.cz\/wp-content\/uploads\/2025\/07\/82-683x1024.jpg 683w, https:\/\/www.100mc.cz\/wp-content\/uploads\/2025\/07\/82-200x300.jpg 200w, https:\/\/www.100mc.cz\/wp-content\/uploads\/2025\/07\/82-768x1152.jpg 768w, https:\/\/www.100mc.cz\/wp-content\/uploads\/2025\/07\/82-1024x1536.jpg 1024w, https:\/\/www.100mc.cz\/wp-content\/uploads\/2025\/07\/82-1365x2048.jpg 1365w, https:\/\/www.100mc.cz\/wp-content\/uploads\/2025\/07\/82-scaled.jpg 1707w\" sizes=\"auto, (max-width: 683px) 100vw, 683px\" \/><\/figure>\n\n\n\n<p>Koncert uv\u00e1d\u011bl Bohumil B\u00edlek, koordin\u00e1tor oslav a zastupitel m\u011bstsk\u00e9 \u010d\u00e1sti Brno-st\u0159ed.<\/p>\n\n\n\n<p style=\"padding-top:var(--wp--preset--spacing--20);padding-bottom:var(--wp--preset--spacing--20)\">\u00davodem p\u0159iv\u00edtal v\u00fdznamn\u00e9 hosty. M\u00edstop\u0159edsedkyni Sen\u00e1tu P\u010cR Jitku Seitlovou a n\u00e1m\u011bstka<br>prim\u00e1torky m\u011bsta Brna Filipa Chv\u00e1tala.<br>Vyzdvihnul z\u00e1sluhy augustini\u00e1n\u016f o po\u010d\u00e1te\u010dn\u00ed rozvoj \u010dtvrti a postaven\u00ed kostela sv. Augustina<br>z&nbsp;prost\u0159edk\u016f starobrn\u011bnsk\u00e9ho Augustini\u00e1nsk\u00e9ho opatstv\u00ed. Soubor Sv\u00edt\u00e1n\u00ed p\u016fsob\u00edc\u00ed \u0159adu let na<br>p\u016fd\u011b opatstv\u00ed pojal symbolicky jako poselstv\u00ed kultury, kter\u00e1 se ze Star\u00e9ho Brna \u0161\u00ed\u0159\u00ed do okol\u00ed od<br>zalo\u017een\u00ed kl\u00e1\u0161tera.<\/p>\n\n\n\n<figure class=\"wp-block-image size-large\" style=\"margin-bottom:var(--wp--preset--spacing--40)\"><img loading=\"lazy\" decoding=\"async\" width=\"683\" height=\"1024\" src=\"https:\/\/www.100mc.cz\/wp-content\/uploads\/2025\/07\/92-683x1024.jpg\" alt=\"\" class=\"wp-image-298\" srcset=\"https:\/\/www.100mc.cz\/wp-content\/uploads\/2025\/07\/92-683x1024.jpg 683w, https:\/\/www.100mc.cz\/wp-content\/uploads\/2025\/07\/92-200x300.jpg 200w, https:\/\/www.100mc.cz\/wp-content\/uploads\/2025\/07\/92-768x1152.jpg 768w, https:\/\/www.100mc.cz\/wp-content\/uploads\/2025\/07\/92-1024x1536.jpg 1024w, https:\/\/www.100mc.cz\/wp-content\/uploads\/2025\/07\/92-1365x2048.jpg 1365w, https:\/\/www.100mc.cz\/wp-content\/uploads\/2025\/07\/92-scaled.jpg 1707w\" sizes=\"auto, (max-width: 683px) 100vw, 683px\" \/><\/figure>\n","protected":false},"excerpt":{"rendered":"<p>KONCERT Pojmenov\u00e1n\u00ed zahradn\u00ed \u010dtvrti jako celku je historiky datovan\u00e9 k 17.6.1925. Oslavy vyvrcholilyv&nbsp;ned\u011bli p\u0159edch\u00e1zej\u00edc\u00ed stolet\u00e9mu v\u00fdro\u010d\u00ed ud\u00e1losti.Slavnostn\u00ed odpoledne zah\u00e1jil koncert souboru Sv\u00edt\u00e1n\u00ed spole\u010dn\u011b s m\u00edstn\u00edmi chr\u00e1mov\u00fdmi sboryfarnosti sv. Augustina. Stovky poslucha\u010d\u016f zaplnili p\u0159ipraven\u00e9 hledi\u0161t\u011b.Koncertu i n\u00e1sleduj\u00edc\u00edho Sousedsk\u00e9ho setk\u00e1n\u00ed se z\u00fa\u010dastnili v\u00fdznamn\u00ed host\u00e9, v\u010detn\u011bm\u00edstop\u0159edsedkyn\u011b Sen\u00e1tu P\u010cR Jitky Seitlov\u00e9 a n\u00e1m\u011bstka prim\u00e1torky m\u011bsta Brna Filipa Chv\u00e1tala. Soubor [&hellip;]<\/p>\n","protected":false},"author":1,"featured_media":0,"parent":0,"menu_order":0,"comment_status":"closed","ping_status":"closed","template":"","meta":{"footnotes":""},"class_list":["post-324","page","type-page","status-publish","hentry"],"_links":{"self":[{"href":"https:\/\/www.100mc.cz\/index.php\/wp-json\/wp\/v2\/pages\/324","targetHints":{"allow":["GET"]}}],"collection":[{"href":"https:\/\/www.100mc.cz\/index.php\/wp-json\/wp\/v2\/pages"}],"about":[{"href":"https:\/\/www.100mc.cz\/index.php\/wp-json\/wp\/v2\/types\/page"}],"author":[{"embeddable":true,"href":"https:\/\/www.100mc.cz\/index.php\/wp-json\/wp\/v2\/users\/1"}],"replies":[{"embeddable":true,"href":"https:\/\/www.100mc.cz\/index.php\/wp-json\/wp\/v2\/comments?post=324"}],"version-history":[{"count":2,"href":"https:\/\/www.100mc.cz\/index.php\/wp-json\/wp\/v2\/pages\/324\/revisions"}],"predecessor-version":[{"id":329,"href":"https:\/\/www.100mc.cz\/index.php\/wp-json\/wp\/v2\/pages\/324\/revisions\/329"}],"wp:attachment":[{"href":"https:\/\/www.100mc.cz\/index.php\/wp-json\/wp\/v2\/media?parent=324"}],"curies":[{"name":"wp","href":"https:\/\/api.w.org\/{rel}","templated":true}]}}