{"id":330,"date":"2025-08-04T07:26:45","date_gmt":"2025-08-04T07:26:45","guid":{"rendered":"https:\/\/www.100mc.cz\/?page_id=330"},"modified":"2025-10-06T07:14:52","modified_gmt":"2025-10-06T07:14:52","slug":"sousedske-setkani","status":"publish","type":"page","link":"https:\/\/www.100mc.cz\/index.php\/sousedske-setkani\/","title":{"rendered":"Sousedsk\u00e9 setk\u00e1n\u00ed"},"content":{"rendered":"\n<h3 class=\"wp-block-heading\" style=\"padding-bottom:var(--wp--preset--spacing--40)\"><strong>Obyvatel\u00e9 Masarykovy \u010dtvrti se rozhodli oslavit 100 let\u00e9 v\u00fdro\u010d\u00ed pojmenov\u00e1n\u00ed Masarykovy<br>\u010dtvrti. Ve spolupr\u00e1ci s Technick\u00fdm muzeem v Brn\u011b, spolkem \u010cechora, d\u011btsk\u00fdm folklorn\u00edm<br>souborem \u017dabi\u0148\u00e1\u010dek, \u017eensk\u00fdm p\u011bveck\u00fdm sborem \u0160vekru\u0161e, cimb\u00e1lovou muzikou Paz\u00far,<br>jednotou Orel Brno &#8211; \u017dabov\u0159esky uspo\u0159\u00e1dali dne 15. 6. 2025 sousedsk\u00e9 setk\u00e1n\u00ed. Pozv\u00e1n\u00ed<br>p\u0159ijali i \u010destn\u00ed host\u00e9: m\u00edstop\u0159edsedkyn\u011b sen\u00e1tu P\u010cR RNDr. Jitka Seitlov\u00e1 a n\u00e1m\u011bstek<br>prim\u00e1torky m\u011bsta Brna RNDr. Filip Chv\u00e1tal, PhD.<\/strong><\/h3>\n\n\n\n<figure class=\"wp-block-embed is-type-video is-provider-youtube wp-block-embed-youtube wp-embed-aspect-16-9 wp-has-aspect-ratio\" style=\"margin-top:var(--wp--preset--spacing--20);margin-bottom:var(--wp--preset--spacing--50)\"><div class=\"wp-block-embed__wrapper\">\n<iframe loading=\"lazy\" title=\"100 let Masarykovy \u010dtvrti, oslava 15. 6. 2025\" width=\"500\" height=\"281\" src=\"https:\/\/www.youtube.com\/embed\/1Ss08rLuGN0?feature=oembed\" frameborder=\"0\" allow=\"accelerometer; autoplay; clipboard-write; encrypted-media; gyroscope; picture-in-picture; web-share\" referrerpolicy=\"strict-origin-when-cross-origin\" allowfullscreen><\/iframe>\n<\/div><\/figure>\n\n\n\n<p><\/p>\n\n\n\n<p><\/p>\n\n\n\n<p>Oslavami stolet\u00e9ho v\u00fdro\u010d\u00ed pojmenov\u00e1n\u00ed Masarykovy \u010dtvrti jsme se p\u0159enesli do atmosf\u00e9ry<br>prvn\u00ed republiky. Autenticitu zprost\u0159edkovali \u010dlenov\u00e9 klubu \u010cECHORA, kter\u00fd je voln\u00fdm<br>spole\u010denstv\u00edm p\u0159\u00e1tel se z\u00e1jmem o \u010deskou historii, v dobov\u00fdch kost\u00fdmech.<\/p>\n\n\n\n<figure class=\"wp-block-image size-large\" style=\"margin-bottom:var(--wp--preset--spacing--40)\"><img loading=\"lazy\" decoding=\"async\" width=\"1024\" height=\"868\" src=\"https:\/\/www.100mc.cz\/wp-content\/uploads\/2025\/08\/1-1024x868.jpg\" alt=\"\" class=\"wp-image-312\" srcset=\"https:\/\/www.100mc.cz\/wp-content\/uploads\/2025\/08\/1-1024x868.jpg 1024w, https:\/\/www.100mc.cz\/wp-content\/uploads\/2025\/08\/1-300x254.jpg 300w, https:\/\/www.100mc.cz\/wp-content\/uploads\/2025\/08\/1-768x651.jpg 768w, https:\/\/www.100mc.cz\/wp-content\/uploads\/2025\/08\/1-1536x1303.jpg 1536w, https:\/\/www.100mc.cz\/wp-content\/uploads\/2025\/08\/1-2048x1737.jpg 2048w\" sizes=\"auto, (max-width: 1024px) 100vw, 1024px\" \/><\/figure>\n\n\n\n<p><\/p>\n\n\n\n<p style=\"padding-top:var(--wp--preset--spacing--20)\">Slavnostn\u00ed projevy p\u0159ednesli sen\u00e1torka RNDr. Jitka Seitlov\u00e1, n\u00e1m\u011bstek prim\u00e1torky m\u011bsta<br>Brna RNDr. Filip Chv\u00e1tal, Ph.D. a prezident Tom\u00e1\u0161 Garrigue Masaryk.<\/p>\n\n\n\n<figure class=\"wp-block-image size-large\" style=\"margin-top:0;margin-bottom:var(--wp--preset--spacing--40)\"><img loading=\"lazy\" decoding=\"async\" width=\"1024\" height=\"684\" src=\"https:\/\/www.100mc.cz\/wp-content\/uploads\/2025\/08\/2-1024x684.jpg\" alt=\"\" class=\"wp-image-313\" srcset=\"https:\/\/www.100mc.cz\/wp-content\/uploads\/2025\/08\/2-1024x684.jpg 1024w, https:\/\/www.100mc.cz\/wp-content\/uploads\/2025\/08\/2-300x200.jpg 300w, https:\/\/www.100mc.cz\/wp-content\/uploads\/2025\/08\/2-768x513.jpg 768w, https:\/\/www.100mc.cz\/wp-content\/uploads\/2025\/08\/2-1536x1026.jpg 1536w, https:\/\/www.100mc.cz\/wp-content\/uploads\/2025\/08\/2-2048x1368.jpg 2048w\" sizes=\"auto, (max-width: 1024px) 100vw, 1024px\" \/><\/figure>\n\n\n\n<p><\/p>\n\n\n\n<p style=\"padding-top:var(--wp--preset--spacing--20)\">Cimb\u00e1lov\u00e1 muzika Paz\u00far (\u010dili dareb\u00e1k, pacholek), slo\u017een\u00e1 z mlad\u00fdch a kr\u00e1sn\u00fdch muzikant\u016f,<br>p\u016fsob\u00edc\u00ed v Brn\u011b a okol\u00ed se postarala o hudebn\u00ed doprovod.<\/p>\n\n\n\n<figure class=\"wp-block-image size-large\" style=\"margin-bottom:var(--wp--preset--spacing--40)\"><img loading=\"lazy\" decoding=\"async\" width=\"1024\" height=\"683\" src=\"https:\/\/www.100mc.cz\/wp-content\/uploads\/2025\/08\/3-1024x683.jpg\" alt=\"\" class=\"wp-image-314\" srcset=\"https:\/\/www.100mc.cz\/wp-content\/uploads\/2025\/08\/3-1024x683.jpg 1024w, https:\/\/www.100mc.cz\/wp-content\/uploads\/2025\/08\/3-300x200.jpg 300w, https:\/\/www.100mc.cz\/wp-content\/uploads\/2025\/08\/3-768x512.jpg 768w, https:\/\/www.100mc.cz\/wp-content\/uploads\/2025\/08\/3-1536x1024.jpg 1536w, https:\/\/www.100mc.cz\/wp-content\/uploads\/2025\/08\/3-2048x1365.jpg 2048w\" sizes=\"auto, (max-width: 1024px) 100vw, 1024px\" \/><\/figure>\n\n\n\n<p><\/p>\n\n\n\n<p style=\"padding-top:var(--wp--preset--spacing--20);padding-bottom:0\">D\u011btsk\u00fd folklorn\u00ed soubor \u017dabi\u0148\u00e1\u010dek zatan\u010dil p\u00e1smo lidov\u00fdch tane\u010dk\u016f z \u010cech a Moravy pod<br>veden\u00edm pan\u00ed Vla\u010fky Balejov\u00e9.<\/p>\n\n\n\n<figure class=\"wp-block-image size-full\" style=\"margin-bottom:var(--wp--preset--spacing--40)\"><img loading=\"lazy\" decoding=\"async\" width=\"688\" height=\"880\" src=\"https:\/\/www.100mc.cz\/wp-content\/uploads\/2025\/08\/4.png\" alt=\"\" class=\"wp-image-315\" srcset=\"https:\/\/www.100mc.cz\/wp-content\/uploads\/2025\/08\/4.png 688w, https:\/\/www.100mc.cz\/wp-content\/uploads\/2025\/08\/4-235x300.png 235w\" sizes=\"auto, (max-width: 688px) 100vw, 688px\" \/><\/figure>\n\n\n\n<p><\/p>\n\n\n\n<p style=\"padding-top:var(--wp--preset--spacing--20)\">\u017densk\u00fd p\u011bveck\u00fd sbor z Brna \u0160vekru\u0161e (\u010dili tch\u00fdn\u011b) zazp\u00edval p\u00edsn\u011b z oblasti Kopanic,<br>Luha\u010dovic a Myjavy. \u017deny obl\u00e9kly kroje z Kyjovska a Podlu\u017e\u00ed.<\/p>\n\n\n\n<figure class=\"wp-block-image size-large\" style=\"margin-bottom:var(--wp--preset--spacing--40)\"><img loading=\"lazy\" decoding=\"async\" width=\"1024\" height=\"683\" src=\"https:\/\/www.100mc.cz\/wp-content\/uploads\/2025\/08\/5-1024x683.jpg\" alt=\"\" class=\"wp-image-316\" srcset=\"https:\/\/www.100mc.cz\/wp-content\/uploads\/2025\/08\/5-1024x683.jpg 1024w, https:\/\/www.100mc.cz\/wp-content\/uploads\/2025\/08\/5-300x200.jpg 300w, https:\/\/www.100mc.cz\/wp-content\/uploads\/2025\/08\/5-768x512.jpg 768w, https:\/\/www.100mc.cz\/wp-content\/uploads\/2025\/08\/5-1536x1024.jpg 1536w, https:\/\/www.100mc.cz\/wp-content\/uploads\/2025\/08\/5-2048x1365.jpg 2048w\" sizes=\"auto, (max-width: 1024px) 100vw, 1024px\" \/><\/figure>\n\n\n\n<p><\/p>\n\n\n\n<p style=\"padding-top:var(--wp--preset--spacing--20)\">\u010cestn\u00fdm hostem oslav byla RNDr. Jitka Seitlov\u00e1, m\u00edstop\u0159edsedkyn\u011b Sen\u00e1tu P\u010cR s<br>man\u017eelem Ing. Petrem Bindrem. Na fotografii s po\u0159adateli akce Ing. Bohumilem B\u00edlkem,<br>zastupitelem M\u010c Brno-st\u0159ed a Mgr. Irenou Greplovou, Lerchova otev\u0159eno v\u0161em.<\/p>\n\n\n\n<figure class=\"wp-block-image size-large\" style=\"margin-bottom:var(--wp--preset--spacing--40)\"><img loading=\"lazy\" decoding=\"async\" width=\"1024\" height=\"832\" src=\"https:\/\/www.100mc.cz\/wp-content\/uploads\/2025\/08\/6-1024x832.jpg\" alt=\"\" class=\"wp-image-317\" srcset=\"https:\/\/www.100mc.cz\/wp-content\/uploads\/2025\/08\/6-1024x832.jpg 1024w, https:\/\/www.100mc.cz\/wp-content\/uploads\/2025\/08\/6-300x244.jpg 300w, https:\/\/www.100mc.cz\/wp-content\/uploads\/2025\/08\/6-768x624.jpg 768w, https:\/\/www.100mc.cz\/wp-content\/uploads\/2025\/08\/6-1536x1248.jpg 1536w, https:\/\/www.100mc.cz\/wp-content\/uploads\/2025\/08\/6-2048x1664.jpg 2048w\" sizes=\"auto, (max-width: 1024px) 100vw, 1024px\" \/><\/figure>\n\n\n\n<p><\/p>\n\n\n\n<p style=\"padding-top:var(--wp--preset--spacing--20);padding-bottom:var(--wp--preset--spacing--20)\">Prezidenta T.G.M. p\u0159ivezl americk\u00fd v\u016fz Pierce Arrow z r. 1924, n\u00e1sledov\u00e1n doprovodem ve<br>voze Z9 z r. 1930, vyroben\u00fdm ve Zbrojovce Brno.<\/p>\n\n\n\n<figure class=\"wp-block-image size-large\" style=\"margin-bottom:var(--wp--preset--spacing--40)\"><img loading=\"lazy\" decoding=\"async\" width=\"1024\" height=\"683\" src=\"https:\/\/www.100mc.cz\/wp-content\/uploads\/2025\/08\/7-1024x683.jpg\" alt=\"\" class=\"wp-image-318\" srcset=\"https:\/\/www.100mc.cz\/wp-content\/uploads\/2025\/08\/7-1024x683.jpg 1024w, https:\/\/www.100mc.cz\/wp-content\/uploads\/2025\/08\/7-300x200.jpg 300w, https:\/\/www.100mc.cz\/wp-content\/uploads\/2025\/08\/7-768x512.jpg 768w, https:\/\/www.100mc.cz\/wp-content\/uploads\/2025\/08\/7-1536x1024.jpg 1536w, https:\/\/www.100mc.cz\/wp-content\/uploads\/2025\/08\/7-2048x1365.jpg 2048w\" sizes=\"auto, (max-width: 1024px) 100vw, 1024px\" \/><\/figure>\n\n\n\n<p><\/p>\n\n\n\n<p style=\"padding-top:var(--wp--preset--spacing--20)\">Ob\u010derstven\u00ed zajistila Kav\u00e1rna Tereza, Kaf\u00e9 Budka a Rio bar. Upom\u00ednkov\u00e9 p\u0159edm\u011bty si mohli<br>lid\u00e9 zakoupit u chr\u00e1n\u011bn\u00e9 d\u00edlny \u010cesvel s.r.o., zdoben\u00e9 pern\u00ed\u010dky p\u0159ipravila Jana Mlate\u010dkov\u00e1.<\/p>\n\n\n\n<figure class=\"wp-block-image size-large\" style=\"margin-bottom:var(--wp--preset--spacing--40)\"><img loading=\"lazy\" decoding=\"async\" width=\"1024\" height=\"683\" src=\"https:\/\/www.100mc.cz\/wp-content\/uploads\/2025\/08\/8-1024x683.jpg\" alt=\"\" class=\"wp-image-319\" srcset=\"https:\/\/www.100mc.cz\/wp-content\/uploads\/2025\/08\/8-1024x683.jpg 1024w, https:\/\/www.100mc.cz\/wp-content\/uploads\/2025\/08\/8-300x200.jpg 300w, https:\/\/www.100mc.cz\/wp-content\/uploads\/2025\/08\/8-768x512.jpg 768w, https:\/\/www.100mc.cz\/wp-content\/uploads\/2025\/08\/8-1536x1024.jpg 1536w, https:\/\/www.100mc.cz\/wp-content\/uploads\/2025\/08\/8-2048x1365.jpg 2048w\" sizes=\"auto, (max-width: 1024px) 100vw, 1024px\" \/><\/figure>\n\n\n\n<p><\/p>\n\n\n\n<p style=\"padding-top:var(--wp--preset--spacing--20)\">Ke 100. v\u00fdro\u010d\u00ed pojmenov\u00e1n\u00ed Masarykovy \u010dtvrti v\u011bnovali m\u00edstn\u00ed obyvatel\u00e9 pam\u00e1tnou l\u00edpu,<br>kterou slavnostn\u011b uctil T.G. Masaryk spole\u010dn\u011b s \u010destn\u00fdmi hosty.<\/p>\n\n\n\n<figure class=\"wp-block-image size-large\" style=\"margin-bottom:var(--wp--preset--spacing--40)\"><img loading=\"lazy\" decoding=\"async\" width=\"1024\" height=\"683\" src=\"https:\/\/www.100mc.cz\/wp-content\/uploads\/2025\/08\/9-1024x683.jpg\" alt=\"\" class=\"wp-image-320\" srcset=\"https:\/\/www.100mc.cz\/wp-content\/uploads\/2025\/08\/9-1024x683.jpg 1024w, https:\/\/www.100mc.cz\/wp-content\/uploads\/2025\/08\/9-300x200.jpg 300w, https:\/\/www.100mc.cz\/wp-content\/uploads\/2025\/08\/9-768x512.jpg 768w, https:\/\/www.100mc.cz\/wp-content\/uploads\/2025\/08\/9-1536x1024.jpg 1536w, https:\/\/www.100mc.cz\/wp-content\/uploads\/2025\/08\/9-2048x1365.jpg 2048w\" sizes=\"auto, (max-width: 1024px) 100vw, 1024px\" \/><\/figure>\n\n\n\n<figure class=\"wp-block-embed is-type-video is-provider-youtube wp-block-embed-youtube wp-embed-aspect-16-9 wp-has-aspect-ratio\" style=\"margin-top:var(--wp--preset--spacing--40);margin-bottom:var(--wp--preset--spacing--40)\"><div class=\"wp-block-embed__wrapper\">\n<iframe loading=\"lazy\" title=\"L\u00cdPA zasazen\u00e1 ke 100  v\u00fdro\u010d\u00ed pojmenov\u00e1n\u00ed Masarykovy \u010dtvrti\" width=\"500\" height=\"281\" src=\"https:\/\/www.youtube.com\/embed\/zQq9AnUKE5E?feature=oembed\" frameborder=\"0\" allow=\"accelerometer; autoplay; clipboard-write; encrypted-media; gyroscope; picture-in-picture; web-share\" referrerpolicy=\"strict-origin-when-cross-origin\" allowfullscreen><\/iframe>\n<\/div><\/figure>\n\n\n\n<p style=\"padding-top:var(--wp--preset--spacing--20);padding-bottom:0\">Ohr\u00e1dka l\u00edpy poch\u00e1z\u00ed z d\u00edlny kov\u00e1\u0159e Michala Uh\u0159\u00ed\u010dka z P\u0159\u00edz\u0159enic.<\/p>\n\n\n\n<figure class=\"wp-block-image size-large\" style=\"margin-bottom:var(--wp--preset--spacing--40)\"><img loading=\"lazy\" decoding=\"async\" width=\"1024\" height=\"683\" src=\"https:\/\/www.100mc.cz\/wp-content\/uploads\/2025\/08\/10-1024x683.jpg\" alt=\"\" class=\"wp-image-321\" srcset=\"https:\/\/www.100mc.cz\/wp-content\/uploads\/2025\/08\/10-1024x683.jpg 1024w, https:\/\/www.100mc.cz\/wp-content\/uploads\/2025\/08\/10-300x200.jpg 300w, https:\/\/www.100mc.cz\/wp-content\/uploads\/2025\/08\/10-768x512.jpg 768w, https:\/\/www.100mc.cz\/wp-content\/uploads\/2025\/08\/10-1536x1024.jpg 1536w, https:\/\/www.100mc.cz\/wp-content\/uploads\/2025\/08\/10-2048x1365.jpg 2048w\" sizes=\"auto, (max-width: 1024px) 100vw, 1024px\" \/><\/figure>\n\n\n\n<p><\/p>\n\n\n\n<p style=\"padding-top:var(--wp--preset--spacing--20)\">Z\u00e1jemci si mohli na pam\u00e1tku odn\u00e9st i fotografii s podpisem T.G.M. Vedle prezidenta stoj\u00ed<br>d\u011bv\u010d\u00e1tko Lu\u010fka Barina v telnick\u00e9m kroji.<\/p>\n\n\n\n<figure class=\"wp-block-image size-large\" style=\"margin-bottom:var(--wp--preset--spacing--40)\"><img loading=\"lazy\" decoding=\"async\" width=\"1024\" height=\"922\" src=\"https:\/\/www.100mc.cz\/wp-content\/uploads\/2025\/08\/11-1024x922.jpg\" alt=\"\" class=\"wp-image-322\" srcset=\"https:\/\/www.100mc.cz\/wp-content\/uploads\/2025\/08\/11-1024x922.jpg 1024w, https:\/\/www.100mc.cz\/wp-content\/uploads\/2025\/08\/11-300x270.jpg 300w, https:\/\/www.100mc.cz\/wp-content\/uploads\/2025\/08\/11-768x691.jpg 768w, https:\/\/www.100mc.cz\/wp-content\/uploads\/2025\/08\/11-1536x1383.jpg 1536w, https:\/\/www.100mc.cz\/wp-content\/uploads\/2025\/08\/11-2048x1844.jpg 2048w\" sizes=\"auto, (max-width: 1024px) 100vw, 1024px\" \/><\/figure>\n\n\n\n<p><\/p>\n\n\n\n<p style=\"padding-top:var(--wp--preset--spacing--20)\">Zap\u016fj\u010den\u00ed dobov\u00fdch automobil\u016f z Technick\u00e9ho muzea v Brn\u011b a soukrom\u00e9 sb\u00edrky zajistila<br>Mgr. Sylvie Dykov\u00e1 Zouharov\u00e1.<\/p>\n\n\n\n<figure class=\"wp-block-image size-large\"><img loading=\"lazy\" decoding=\"async\" width=\"1024\" height=\"799\" src=\"https:\/\/www.100mc.cz\/wp-content\/uploads\/2025\/08\/12-1024x799.jpg\" alt=\"\" class=\"wp-image-323\" srcset=\"https:\/\/www.100mc.cz\/wp-content\/uploads\/2025\/08\/12-1024x799.jpg 1024w, https:\/\/www.100mc.cz\/wp-content\/uploads\/2025\/08\/12-300x234.jpg 300w, https:\/\/www.100mc.cz\/wp-content\/uploads\/2025\/08\/12-768x599.jpg 768w, https:\/\/www.100mc.cz\/wp-content\/uploads\/2025\/08\/12-1536x1198.jpg 1536w, https:\/\/www.100mc.cz\/wp-content\/uploads\/2025\/08\/12-2048x1598.jpg 2048w\" sizes=\"auto, (max-width: 1024px) 100vw, 1024px\" \/><\/figure>\n","protected":false},"excerpt":{"rendered":"<p>Obyvatel\u00e9 Masarykovy \u010dtvrti se rozhodli oslavit 100 let\u00e9 v\u00fdro\u010d\u00ed pojmenov\u00e1n\u00ed Masarykovy\u010dtvrti. Ve spolupr\u00e1ci s Technick\u00fdm muzeem v Brn\u011b, spolkem \u010cechora, d\u011btsk\u00fdm folklorn\u00edmsouborem \u017dabi\u0148\u00e1\u010dek, \u017eensk\u00fdm p\u011bveck\u00fdm sborem \u0160vekru\u0161e, cimb\u00e1lovou muzikou Paz\u00far,jednotou Orel Brno &#8211; \u017dabov\u0159esky uspo\u0159\u00e1dali dne 15. 6. 2025 sousedsk\u00e9 setk\u00e1n\u00ed. Pozv\u00e1n\u00edp\u0159ijali i \u010destn\u00ed host\u00e9: m\u00edstop\u0159edsedkyn\u011b sen\u00e1tu P\u010cR RNDr. Jitka Seitlov\u00e1 a n\u00e1m\u011bstekprim\u00e1torky m\u011bsta Brna [&hellip;]<\/p>\n","protected":false},"author":1,"featured_media":0,"parent":0,"menu_order":0,"comment_status":"closed","ping_status":"closed","template":"","meta":{"footnotes":""},"class_list":["post-330","page","type-page","status-publish","hentry"],"_links":{"self":[{"href":"https:\/\/www.100mc.cz\/index.php\/wp-json\/wp\/v2\/pages\/330","targetHints":{"allow":["GET"]}}],"collection":[{"href":"https:\/\/www.100mc.cz\/index.php\/wp-json\/wp\/v2\/pages"}],"about":[{"href":"https:\/\/www.100mc.cz\/index.php\/wp-json\/wp\/v2\/types\/page"}],"author":[{"embeddable":true,"href":"https:\/\/www.100mc.cz\/index.php\/wp-json\/wp\/v2\/users\/1"}],"replies":[{"embeddable":true,"href":"https:\/\/www.100mc.cz\/index.php\/wp-json\/wp\/v2\/comments?post=330"}],"version-history":[{"count":9,"href":"https:\/\/www.100mc.cz\/index.php\/wp-json\/wp\/v2\/pages\/330\/revisions"}],"predecessor-version":[{"id":391,"href":"https:\/\/www.100mc.cz\/index.php\/wp-json\/wp\/v2\/pages\/330\/revisions\/391"}],"wp:attachment":[{"href":"https:\/\/www.100mc.cz\/index.php\/wp-json\/wp\/v2\/media?parent=330"}],"curies":[{"name":"wp","href":"https:\/\/api.w.org\/{rel}","templated":true}]}}